{"id":9520,"date":"2024-12-09T14:48:03","date_gmt":"2024-12-09T14:48:03","guid":{"rendered":"https:\/\/fundacionraed.org\/?post_type=boletines_silmar&#038;p=9520"},"modified":"2024-12-09T17:01:34","modified_gmt":"2024-12-09T17:01:34","slug":"mar-bella-no3-septiembre-noviembre-2024","status":"publish","type":"boletines_silmar","link":"https:\/\/fundacionraed.org\/en\/silmar\/boletines\/mar-bella-no3-septiembre-noviembre-2024\/","title":{"rendered":"Bolet\u00edn bimensual Red Silmar, playa de la Mar Bella &#8211; Vol 3. Septiembre &#8211; noviembre 2024"},"content":{"rendered":"<p>[et_pb_section fb_built=&#8221;1&#8243; _builder_version=&#8221;4.16&#8243; locked=&#8221;off&#8221; global_colors_info=&#8221;{}&#8221;][et_pb_row _builder_version=&#8221;4.27.4&#8243; background_size=&#8221;initial&#8221; background_position=&#8221;top_left&#8221; background_repeat=&#8221;repeat&#8221; width=&#8221;90%&#8221; global_colors_info=&#8221;{}&#8221;][et_pb_column type=&#8221;4_4&#8243; _builder_version=&#8221;4.16&#8243; custom_padding=&#8221;|||&#8221; global_colors_info=&#8221;{}&#8221; custom_padding__hover=&#8221;|||&#8221;][et_pb_text admin_label=&#8221;texto &#8211; breadcrumbs Yoast %91wpseo_breadcrumb%93&#8243; module_id=&#8221;breadcrumbs&#8221; _builder_version=&#8221;4.21.0&#8243; _module_preset=&#8221;default&#8221; locked=&#8221;off&#8221; global_colors_info=&#8221;{}&#8221;]<\/p>\n<span><span><a href=\"https:\/\/fundacionraed.org\/en\/nueva-portada\/\">Home<\/a><\/span><\/span>\n<p>[\/et_pb_text][et_pb_text _builder_version=&#8221;4.27.4&#8243; background_size=&#8221;initial&#8221; background_position=&#8221;top_left&#8221; background_repeat=&#8221;repeat&#8221; global_colors_info=&#8221;{}&#8221;]<\/p>\n<p><strong>Introducci\u00f3n.<\/strong> El ecosistema marino de la Mar Bella se enfrenta a m\u00faltiples desaf\u00edos derivados de las actividades humanas y otros fen\u00f3menos naturales. El monitoreo constante en la estaci\u00f3n Silmar de la Mar Bella realizado por el equipo de bi\u00f3logos de la Fundaci\u00f3n RAED, de estudiantes universitarios y voluntarios nos permite analizar estos factores y obtener informaci\u00f3n de calidad que permiten tomar decisiones pol\u00edticas o particulares bien informadas para proteger el medio marino y su biodiversidad.<\/p>\n<p>A continuaci\u00f3n, destacamos los principales impactos detectados:<\/p>\n<p style=\"padding-left: 40px;\"><strong>a.<\/strong> <strong>Cambio clim\u00e1tico y calentamiento global:<\/strong> Con temperaturas aumentando un 20% m\u00e1s r\u00e1pido que el promedio global, el Mediterr\u00e1neo experimenta fen\u00f3menos de &#8220;tropicalizaci\u00f3n&#8221;, afectando especies aut\u00f3ctonas, h\u00e1bitats y ecosistemas clave para mantener los ecosistemas originales y la productividad pesquera. Este cambio tiene consecuencias ecol\u00f3gicas y econ\u00f3micas significativas, incluyendo impactos en la pesca y el turismo sostenible. + Info: <a href=\"https:\/\/wwfes.awsassets.panda.org\/downloads\/final_wwf_med_cc_6_case_studies_2021.pdf\" target=\"_blank\" rel=\"noopener\"><strong>Efectos del Cambio Clim\u00e1tico<\/strong><\/a><\/p>\n<p style=\"padding-left: 40px;\"><strong>b.<\/strong> <strong>Especies invasoras:<\/strong> M\u00e1s de 1000 especies ex\u00f3ticas amenazan este mar, desplazando a las nativas y alterando ecosistemas locales. En la estaci\u00f3n Silmar, monitoreamos especialmente el impacto del cnidario Oculina patagonica y a otras especies invasoras con alto riesgo de colonizaci\u00f3n como el alga Caulerpa cylindracea o la Rugulopterix okamurae que est\u00e1 causando estragos en las zonas costeras del sur de Espa\u00f1a. Estas alteraciones son exacerbadas por el tr\u00e1fico mar\u00edtimo y el calentamiento global. + Info: <a href=\"https:\/\/www.nationalgeographic.es\/medio-ambiente\/2019\/05\/mas-de-700-especies-invasoras-amenazan-el-mediterraneo\" target=\"_blank\" rel=\"noopener\"><strong>Especies Invasoras<\/strong><\/a><\/p>\n<p style=\"padding-left: 40px;\"><strong>c. Contaminaci\u00f3n por residuos pl\u00e1sticos y micropl\u00e1sticos: <\/strong>Durante cada inmersi\u00f3n, se registra la cantidad y distribuci\u00f3n de residuos, con especial atenci\u00f3n a micropl\u00e1sticos en arena y agua. Este a\u00f1o, los estudios han detectado un aumento del 15% en microfibras, destacando la necesidad urgente de reforzar pol\u00edticas de gesti\u00f3n integral de los residuos para evitar producirlos y que lleguen en tal cantidad a la naturaleza. +Info: <strong>Pl\u00e1stico en el Mediterr\u00e1neo<\/strong><\/p>\n<p style=\"padding-left: 40px;\"><strong>d. Frecuentaci\u00f3n humana:<\/strong> Las actividades recreativas en la playa incrementan la presi\u00f3n sobre los ecosistemas marinos. La concienciaci\u00f3n ciudadana y el turismo responsable son pilares esenciales para mitigar su impacto.<\/p>\n<p><strong>2. Conservaci\u00f3n activa:<\/strong> En la playa de la Mar Bella, la conservaci\u00f3n activa no es solo un concepto; es una lucha constante contra el tiempo y las presiones humanas. Estudiantes universitarios y voluntarios, con gafas de buceo y cuadernos de campo, transforman este rinc\u00f3n del Mediterr\u00e1neo en un laboratorio vivo. Aqu\u00ed, la ciencia y la acci\u00f3n se fusionan para preservar un ecosistema que, si no actuamos, desaparecer\u00e1 bajo el peso de residuos, especies invasoras y el calentamiento global.<\/p>\n<div id=\"attachment_9432\" style=\"width: 410px\" class=\"wp-caption alignright\"><img loading=\"lazy\" decoding=\"async\" aria-describedby=\"caption-attachment-9432\" class=\"wp-image-9432 size-full\" src=\"https:\/\/fundacionraed.org\/wp-content\/uploads\/2024\/12\/Especie-Oculina-patagonica-es-un-cnidari-del-Mediterrani-amb-comportament-invasor.webp\" alt=\"Especie Oculina patagonica. Un cnidario del Mediterraneo con comportamiento invasor\" width=\"400\" height=\"240\" srcset=\"https:\/\/fundacionraed.org\/wp-content\/uploads\/2024\/12\/Especie-Oculina-patagonica-es-un-cnidari-del-Mediterrani-amb-comportament-invasor.webp 400w, https:\/\/fundacionraed.org\/wp-content\/uploads\/2024\/12\/Especie-Oculina-patagonica-es-un-cnidari-del-Mediterrani-amb-comportament-invasor-300x180.webp 300w\" sizes=\"(max-width: 400px) 100vw, 400px\" \/><p id=\"caption-attachment-9432\" class=\"wp-caption-text\">Especie Oculina patagonica. Un cnidario del Mediterraneo con comportamiento invasor<\/p><\/div>\n<p>Bajo el marco del Proyecto Silmar, estas manos j\u00f3venes no solo recopilan datos; generan conciencia. Cada inmersi\u00f3n y cada muestra tomada son peque\u00f1os actos de resistencia frente a un futuro que no admite indiferencia. La conservaci\u00f3n activa es m\u00e1s que un esfuerzo; es un legado que deja claro que proteger la biodiversidad <strong>no es una opci\u00f3n, es una responsabilidad<\/strong>.<\/p>\n<p><strong>3. Detectados juveniles de mero en estado critico:<\/strong> El Nodavirus, causante de la necrosis nerviosa viral (VNN), es una amenaza creciente para peces como el mero (Epinephelus marginatus), con brotes documentados en el Mediterr\u00e1neo occidental. En \u00e1reas como Murcia y Castell\u00f3n, se han registrado mortalidades masivas, confirmando la presencia del genotipo RGNNV en ejemplares afectados. Este virus impacta especialmente a los juveniles, alterando los ecosistemas y reduciendo la biodiversidad. En la playa de la Mar Bella, se han detectado meros con posibles s\u00edntomas de esta infecci\u00f3n. + Info: <a href=\"https:\/\/revistas.um.es\/analesbio\/article\/view\/423951\" target=\"_blank\" rel=\"noopener\"><strong>Nodavirus en el Mediterr\u00e1neo<\/strong><\/a><\/p>\n<p>El Proyecto Silmar, junto al <a href=\"https:\/\/www.aquariumbcn.com\/\" target=\"_blank\" rel=\"noopener\">Aquarium de Barcelona<\/a> y la <a href=\"https:\/\/www.uab.cat\/veterinaria\/\" target=\"_blank\" rel=\"noopener\">Facultad de Veterinaria de la UAB<\/a>, ha iniciado un monitoreo para evaluar la situaci\u00f3n en la costa de Barcelona y tomar medidas que garanticen la conservaci\u00f3n de esta especie emblem\u00e1tica.<\/p>\n<h3><a href=\"https:\/\/fundacionraed.org\/silmar\/estaciones\/mar-bella\/\">Conoce la Estaci\u00f3n Silmar de la Mar Bella<\/a><\/h3>\n<p>[\/et_pb_text][et_pb_code admin_label=&#8221;C\u00f3digo &#8211; logos-matriz-6&#8243; _builder_version=&#8221;4.27.4&#8243; _module_preset=&#8221;default&#8221; locked=&#8221;off&#8221; global_colors_info=&#8221;{}&#8221;]<\/p>\n<h3>Un proyecto promovido:<\/h3>\n<p><!-- [et_pb_line_break_holder] --><!-- [et_pb_line_break_holder] --><\/p>\n<div class=\"logos-matriz-6\"><!-- [et_pb_line_break_holder] --><!-- [et_pb_line_break_holder] --><\/p>\n<div class=\"env-logo\" id=\"logos-1\"><!-- [et_pb_line_break_holder] --><a href=\"#\" target=\"_blank\" rel=\"noopener\"><img decoding=\"async\" src=\"https:\/\/fundacionraed.org\/wp-content\/uploads\/2020\/05\/Logo-Fundacion-RAED-255x114px.png\" alt=\"Fundaci\u00f3n RAED\" width=\"130\"><\/a><!-- [et_pb_line_break_holder] --><\/div>\n<p><!-- #logos-3 --><!-- [et_pb_line_break_holder] --><!-- [et_pb_line_break_holder] --><\/p>\n<div class=\"env-logo\" id=\"logos-2\"><!-- [et_pb_line_break_holder] --><a href=\"https:\/\/www.diagonalmarcentre.es\/ca\/\" target=\"_blank\" rel=\"noopener\"><img decoding=\"async\" src=\"https:\/\/fundacionraed.org\/wp-content\/uploads\/2023\/07\/logo_diagonal_mar-220px.png\" alt=\"Centre Comercial Diagonal Mar\" width=\"200\"><\/a><!-- [et_pb_line_break_holder] --><\/div>\n<p><!-- #logos-1 --><!-- [et_pb_line_break_holder] -->  <!-- [et_pb_line_break_holder] --><\/p>\n<div class=\"env-logo\" id=\"logos-3\"><!-- [et_pb_line_break_holder] --><a href=\"https:\/\/ciutada.platjadaro.com\/\" target=\"_blank\" rel=\"noopener\"><img decoding=\"async\" src=\"https:\/\/fundacionraed.org\/wp-content\/uploads\/2024\/12\/logo-Ayuntamiento-Castell-dAro-Platja-dAro-i-SAgaro.webp\" alt=\"Ayuntamiento Castell Platja d'Aro\" width=\"130\"><\/a><!-- [et_pb_line_break_holder] --><\/div>\n<p><!-- #logos-2 --><!-- [et_pb_line_break_holder] --><!-- [et_pb_line_break_holder] --><\/p>\n<div class=\"env-logo\" id=\"logos-4\"><!-- [et_pb_line_break_holder] --><a href=\"https:\/\/www.mares.com\/es_ES\/\" target=\"_blank\" rel=\"noopener\"><img decoding=\"async\" src=\"https:\/\/fundacionraed.org\/wp-content\/uploads\/2023\/07\/Mares-just-add-water-logo-150px.png\" alt=\"Mares\" width=\"110\"><\/a><!-- [et_pb_line_break_holder] --><\/div>\n<p><!-- #logos-1 --><!-- [et_pb_line_break_holder] -->  <!-- [et_pb_line_break_holder] --><\/p>\n<div class=\"env-logo\" id=\"logos-5\"><!-- [et_pb_line_break_holder] --><a href=\"https:\/\/www.h2odivingcenter.com\/\" target=\"_blank\" rel=\"noopener\"><img decoding=\"async\" src=\"https:\/\/fundacionraed.org\/wp-content\/uploads\/2024\/12\/logotipo-h2o-Diving-Center-170px-web.webp\" alt=\"h2o-Diving-Center\" width=\"160\"><\/a><!-- [et_pb_line_break_holder] --><\/div>\n<p><!-- logos-5 --><!-- [et_pb_line_break_holder] -->  <!-- [et_pb_line_break_holder] --><\/p>\n<div class=\"env-logo\" id=\"logos-6\"><!-- [et_pb_line_break_holder] --><a href=\"http:\/\/www.vanasdive.com\/\" target=\"_blank\" rel=\"noopener\"><img decoding=\"async\" src=\"https:\/\/fundacionraed.org\/wp-content\/uploads\/2023\/07\/Vanas-Dive-logo-170px.webp\" alt=\"Vanas Dive\" width=\"130\"><\/a><!-- [et_pb_line_break_holder] --><\/div>\n<p><!-- logos-6 --><!-- [et_pb_line_break_holder] -->  <!-- [et_pb_line_break_holder] -->  <!-- [et_pb_line_break_holder] -->  <!-- [et_pb_line_break_holder] --><\/div>\n<p> [\/et_pb_code][\/et_pb_column][\/et_pb_row][\/et_pb_section]<\/p>\n<span class=\"et_bloom_bottom_trigger\"><\/span>","protected":false},"featured_media":9217,"template":"","meta":{"_et_pb_use_builder":"on","_et_pb_old_content":"","_et_gb_content_width":""},"class_list":["post-9520","boletines_silmar","type-boletines_silmar","status-publish","has-post-thumbnail","hentry"],"yoast_head":"<!-- This site is optimized with the Yoast SEO plugin v27.4 - https:\/\/yoast.com\/product\/yoast-seo-wordpress\/ -->\n<title>Bolet\u00edn bimensual Red Silmar, playa de la Mar Bella - Vol 3. Septiembre - noviembre 2024 &#183; RAED Foundation<\/title>\n<meta name=\"description\" content=\"\u00daltimo bolet\u00edn del proyecto de observaci\u00f3n y protecci\u00f3n de la biodiversidad marina Silmar. N\u00ba 3 de la estaci\u00f3n Mar Bella - Espig\u00f3n Bacde Roda\" \/>\n<meta name=\"robots\" content=\"index, follow, max-snippet:-1, max-image-preview:large, max-video-preview:-1\" \/>\n<link rel=\"canonical\" href=\"https:\/\/fundacionraed.org\/silmar\/boletines\/mar-bella-no3-septiembre-noviembre-2024\/\" \/>\n<meta property=\"og:locale\" content=\"en_US\" \/>\n<meta property=\"og:type\" content=\"article\" \/>\n<meta property=\"og:title\" content=\"Bolet\u00edn bimensual Red Silmar, playa de la Mar Bella - Vol 3. Septiembre - noviembre 2024 &#183; RAED Foundation\" \/>\n<meta property=\"og:description\" content=\"\u00daltimo bolet\u00edn del proyecto de observaci\u00f3n y protecci\u00f3n de la biodiversidad marina Silmar. N\u00ba 3 de la estaci\u00f3n Mar Bella - Espig\u00f3n Bacde Roda\" \/>\n<meta property=\"og:url\" content=\"https:\/\/fundacionraed.org\/silmar\/boletines\/mar-bella-no3-septiembre-noviembre-2024\/\" \/>\n<meta property=\"og:site_name\" content=\"RAED Foundation\" \/>\n<meta property=\"article:publisher\" content=\"https:\/\/www.facebook.com\/raed.academy\" \/>\n<meta property=\"article:modified_time\" content=\"2024-12-09T17:01:34+00:00\" \/>\n<meta property=\"og:image\" content=\"https:\/\/fundacionraed.org\/wp-content\/uploads\/2024\/07\/portada-pulpo-Mar-Bella-2024-1.67.webp\" \/>\n\t<meta property=\"og:image:width\" content=\"800\" \/>\n\t<meta property=\"og:image:height\" content=\"480\" \/>\n\t<meta property=\"og:image:type\" content=\"image\/webp\" \/>\n<meta name=\"twitter:card\" content=\"summary_large_image\" \/>\n<meta name=\"twitter:site\" content=\"@FundacionRaed\" \/>\n<meta name=\"twitter:label1\" content=\"Est. reading time\" \/>\n\t<meta name=\"twitter:data1\" content=\"5 minutes\" \/>\n<script type=\"application\/ld+json\" class=\"yoast-schema-graph\">{\"@context\":\"https:\\\/\\\/schema.org\",\"@graph\":[{\"@type\":\"WebPage\",\"@id\":\"https:\\\/\\\/fundacionraed.org\\\/silmar\\\/boletines\\\/mar-bella-no3-septiembre-noviembre-2024\\\/\",\"url\":\"https:\\\/\\\/fundacionraed.org\\\/silmar\\\/boletines\\\/mar-bella-no3-septiembre-noviembre-2024\\\/\",\"name\":\"Bolet\u00edn bimensual Red Silmar, playa de la Mar Bella - Vol 3. Septiembre - noviembre 2024 &#183; RAED Foundation\",\"isPartOf\":{\"@id\":\"https:\\\/\\\/fundacionraed.org\\\/#website\"},\"primaryImageOfPage\":{\"@id\":\"https:\\\/\\\/fundacionraed.org\\\/silmar\\\/boletines\\\/mar-bella-no3-septiembre-noviembre-2024\\\/#primaryimage\"},\"image\":{\"@id\":\"https:\\\/\\\/fundacionraed.org\\\/silmar\\\/boletines\\\/mar-bella-no3-septiembre-noviembre-2024\\\/#primaryimage\"},\"thumbnailUrl\":\"https:\\\/\\\/fundacionraed.org\\\/wp-content\\\/uploads\\\/2024\\\/07\\\/portada-pulpo-Mar-Bella-2024-1.67.webp\",\"datePublished\":\"2024-12-09T14:48:03+00:00\",\"dateModified\":\"2024-12-09T17:01:34+00:00\",\"description\":\"\u00daltimo bolet\u00edn del proyecto de observaci\u00f3n y protecci\u00f3n de la biodiversidad marina Silmar. N\u00ba 3 de la estaci\u00f3n Mar Bella - Espig\u00f3n Bacde Roda\",\"breadcrumb\":{\"@id\":\"https:\\\/\\\/fundacionraed.org\\\/silmar\\\/boletines\\\/mar-bella-no3-septiembre-noviembre-2024\\\/#breadcrumb\"},\"inLanguage\":\"en-US\",\"potentialAction\":[{\"@type\":\"ReadAction\",\"target\":[\"https:\\\/\\\/fundacionraed.org\\\/silmar\\\/boletines\\\/mar-bella-no3-septiembre-noviembre-2024\\\/\"]}]},{\"@type\":\"ImageObject\",\"inLanguage\":\"en-US\",\"@id\":\"https:\\\/\\\/fundacionraed.org\\\/silmar\\\/boletines\\\/mar-bella-no3-septiembre-noviembre-2024\\\/#primaryimage\",\"url\":\"https:\\\/\\\/fundacionraed.org\\\/wp-content\\\/uploads\\\/2024\\\/07\\\/portada-pulpo-Mar-Bella-2024-1.67.webp\",\"contentUrl\":\"https:\\\/\\\/fundacionraed.org\\\/wp-content\\\/uploads\\\/2024\\\/07\\\/portada-pulpo-Mar-Bella-2024-1.67.webp\",\"width\":800,\"height\":480,\"caption\":\"Octopus vulgaris...pop de roca\"},{\"@type\":\"BreadcrumbList\",\"@id\":\"https:\\\/\\\/fundacionraed.org\\\/silmar\\\/boletines\\\/mar-bella-no3-septiembre-noviembre-2024\\\/#breadcrumb\",\"itemListElement\":[{\"@type\":\"ListItem\",\"position\":1,\"name\":\"Home\",\"item\":\"https:\\\/\\\/fundacionraed.org\\\/en\\\/nueva-portada\\\/\"},{\"@type\":\"ListItem\",\"position\":2,\"name\":\"Boletines Silmar\",\"item\":\"https:\\\/\\\/fundacionraed.org\\\/silmar\\\/boletines\\\/\"},{\"@type\":\"ListItem\",\"position\":3,\"name\":\"Bolet\u00edn bimensual Red Silmar, playa de la Mar Bella &#8211; Vol 3. Septiembre &#8211; noviembre 2024\"}]},{\"@type\":\"WebSite\",\"@id\":\"https:\\\/\\\/fundacionraed.org\\\/#website\",\"url\":\"https:\\\/\\\/fundacionraed.org\\\/\",\"name\":\"RAED Foundation\",\"description\":\"Fundaci\u00f3n Pro Real Academia Europea de Doctores. Barcelona 1914\",\"publisher\":{\"@id\":\"https:\\\/\\\/fundacionraed.org\\\/#organization\"},\"potentialAction\":[{\"@type\":\"SearchAction\",\"target\":{\"@type\":\"EntryPoint\",\"urlTemplate\":\"https:\\\/\\\/fundacionraed.org\\\/?s={search_term_string}\"},\"query-input\":{\"@type\":\"PropertyValueSpecification\",\"valueRequired\":true,\"valueName\":\"search_term_string\"}}],\"inLanguage\":\"en-US\"},{\"@type\":\"Organization\",\"@id\":\"https:\\\/\\\/fundacionraed.org\\\/#organization\",\"name\":\"Fundaci\u00f3n Pro RAED\",\"url\":\"https:\\\/\\\/fundacionraed.org\\\/\",\"logo\":{\"@type\":\"ImageObject\",\"inLanguage\":\"en-US\",\"@id\":\"https:\\\/\\\/fundacionraed.org\\\/#\\\/schema\\\/logo\\\/image\\\/\",\"url\":\"https:\\\/\\\/fundacionraed.org\\\/wp-content\\\/uploads\\\/2020\\\/04\\\/Logo-Fundacion-RAED-600px.jpg\",\"contentUrl\":\"https:\\\/\\\/fundacionraed.org\\\/wp-content\\\/uploads\\\/2020\\\/04\\\/Logo-Fundacion-RAED-600px.jpg\",\"width\":600,\"height\":268,\"caption\":\"Fundaci\u00f3n Pro RAED\"},\"image\":{\"@id\":\"https:\\\/\\\/fundacionraed.org\\\/#\\\/schema\\\/logo\\\/image\\\/\"},\"sameAs\":[\"https:\\\/\\\/www.facebook.com\\\/raed.academy\",\"https:\\\/\\\/x.com\\\/FundacionRaed\",\"https:\\\/\\\/www.linkedin.com\\\/company\\\/fundacion-raed\\\/\",\"https:\\\/\\\/www.youtube.com\\\/channel\\\/UCiNjYaLeBkGeQ3xy2eHJ10w\\\/\"]}]}<\/script>\n<!-- \/ Yoast SEO plugin. -->","yoast_head_json":{"title":"Bolet\u00edn bimensual Red Silmar, playa de la Mar Bella - Vol 3. Septiembre - noviembre 2024 &#183; RAED Foundation","description":"\u00daltimo bolet\u00edn del proyecto de observaci\u00f3n y protecci\u00f3n de la biodiversidad marina Silmar. N\u00ba 3 de la estaci\u00f3n Mar Bella - Espig\u00f3n Bacde Roda","robots":{"index":"index","follow":"follow","max-snippet":"max-snippet:-1","max-image-preview":"max-image-preview:large","max-video-preview":"max-video-preview:-1"},"canonical":"https:\/\/fundacionraed.org\/silmar\/boletines\/mar-bella-no3-septiembre-noviembre-2024\/","og_locale":"en_US","og_type":"article","og_title":"Bolet\u00edn bimensual Red Silmar, playa de la Mar Bella - Vol 3. Septiembre - noviembre 2024 &#183; RAED Foundation","og_description":"\u00daltimo bolet\u00edn del proyecto de observaci\u00f3n y protecci\u00f3n de la biodiversidad marina Silmar. N\u00ba 3 de la estaci\u00f3n Mar Bella - Espig\u00f3n Bacde Roda","og_url":"https:\/\/fundacionraed.org\/silmar\/boletines\/mar-bella-no3-septiembre-noviembre-2024\/","og_site_name":"RAED Foundation","article_publisher":"https:\/\/www.facebook.com\/raed.academy","article_modified_time":"2024-12-09T17:01:34+00:00","og_image":[{"width":800,"height":480,"url":"https:\/\/fundacionraed.org\/wp-content\/uploads\/2024\/07\/portada-pulpo-Mar-Bella-2024-1.67.webp","type":"image\/webp"}],"twitter_card":"summary_large_image","twitter_site":"@FundacionRaed","twitter_misc":{"Est. reading time":"5 minutes"},"schema":{"@context":"https:\/\/schema.org","@graph":[{"@type":"WebPage","@id":"https:\/\/fundacionraed.org\/silmar\/boletines\/mar-bella-no3-septiembre-noviembre-2024\/","url":"https:\/\/fundacionraed.org\/silmar\/boletines\/mar-bella-no3-septiembre-noviembre-2024\/","name":"Bolet\u00edn bimensual Red Silmar, playa de la Mar Bella - Vol 3. Septiembre - noviembre 2024 &#183; RAED Foundation","isPartOf":{"@id":"https:\/\/fundacionraed.org\/#website"},"primaryImageOfPage":{"@id":"https:\/\/fundacionraed.org\/silmar\/boletines\/mar-bella-no3-septiembre-noviembre-2024\/#primaryimage"},"image":{"@id":"https:\/\/fundacionraed.org\/silmar\/boletines\/mar-bella-no3-septiembre-noviembre-2024\/#primaryimage"},"thumbnailUrl":"https:\/\/fundacionraed.org\/wp-content\/uploads\/2024\/07\/portada-pulpo-Mar-Bella-2024-1.67.webp","datePublished":"2024-12-09T14:48:03+00:00","dateModified":"2024-12-09T17:01:34+00:00","description":"\u00daltimo bolet\u00edn del proyecto de observaci\u00f3n y protecci\u00f3n de la biodiversidad marina Silmar. N\u00ba 3 de la estaci\u00f3n Mar Bella - Espig\u00f3n Bacde Roda","breadcrumb":{"@id":"https:\/\/fundacionraed.org\/silmar\/boletines\/mar-bella-no3-septiembre-noviembre-2024\/#breadcrumb"},"inLanguage":"en-US","potentialAction":[{"@type":"ReadAction","target":["https:\/\/fundacionraed.org\/silmar\/boletines\/mar-bella-no3-septiembre-noviembre-2024\/"]}]},{"@type":"ImageObject","inLanguage":"en-US","@id":"https:\/\/fundacionraed.org\/silmar\/boletines\/mar-bella-no3-septiembre-noviembre-2024\/#primaryimage","url":"https:\/\/fundacionraed.org\/wp-content\/uploads\/2024\/07\/portada-pulpo-Mar-Bella-2024-1.67.webp","contentUrl":"https:\/\/fundacionraed.org\/wp-content\/uploads\/2024\/07\/portada-pulpo-Mar-Bella-2024-1.67.webp","width":800,"height":480,"caption":"Octopus vulgaris...pop de roca"},{"@type":"BreadcrumbList","@id":"https:\/\/fundacionraed.org\/silmar\/boletines\/mar-bella-no3-septiembre-noviembre-2024\/#breadcrumb","itemListElement":[{"@type":"ListItem","position":1,"name":"Home","item":"https:\/\/fundacionraed.org\/en\/nueva-portada\/"},{"@type":"ListItem","position":2,"name":"Boletines Silmar","item":"https:\/\/fundacionraed.org\/silmar\/boletines\/"},{"@type":"ListItem","position":3,"name":"Bolet\u00edn bimensual Red Silmar, playa de la Mar Bella &#8211; Vol 3. Septiembre &#8211; noviembre 2024"}]},{"@type":"WebSite","@id":"https:\/\/fundacionraed.org\/#website","url":"https:\/\/fundacionraed.org\/","name":"RAED Foundation","description":"Fundaci\u00f3n Pro Real Academia Europea de Doctores. Barcelona 1914","publisher":{"@id":"https:\/\/fundacionraed.org\/#organization"},"potentialAction":[{"@type":"SearchAction","target":{"@type":"EntryPoint","urlTemplate":"https:\/\/fundacionraed.org\/?s={search_term_string}"},"query-input":{"@type":"PropertyValueSpecification","valueRequired":true,"valueName":"search_term_string"}}],"inLanguage":"en-US"},{"@type":"Organization","@id":"https:\/\/fundacionraed.org\/#organization","name":"Fundaci\u00f3n Pro RAED","url":"https:\/\/fundacionraed.org\/","logo":{"@type":"ImageObject","inLanguage":"en-US","@id":"https:\/\/fundacionraed.org\/#\/schema\/logo\/image\/","url":"https:\/\/fundacionraed.org\/wp-content\/uploads\/2020\/04\/Logo-Fundacion-RAED-600px.jpg","contentUrl":"https:\/\/fundacionraed.org\/wp-content\/uploads\/2020\/04\/Logo-Fundacion-RAED-600px.jpg","width":600,"height":268,"caption":"Fundaci\u00f3n Pro RAED"},"image":{"@id":"https:\/\/fundacionraed.org\/#\/schema\/logo\/image\/"},"sameAs":["https:\/\/www.facebook.com\/raed.academy","https:\/\/x.com\/FundacionRaed","https:\/\/www.linkedin.com\/company\/fundacion-raed\/","https:\/\/www.youtube.com\/channel\/UCiNjYaLeBkGeQ3xy2eHJ10w\/"]}]}},"_links":{"self":[{"href":"https:\/\/fundacionraed.org\/en\/wp-json\/wp\/v2\/boletines_silmar\/9520","targetHints":{"allow":["GET"]}}],"collection":[{"href":"https:\/\/fundacionraed.org\/en\/wp-json\/wp\/v2\/boletines_silmar"}],"about":[{"href":"https:\/\/fundacionraed.org\/en\/wp-json\/wp\/v2\/types\/boletines_silmar"}],"wp:featuredmedia":[{"embeddable":true,"href":"https:\/\/fundacionraed.org\/en\/wp-json\/wp\/v2\/media\/9217"}],"wp:attachment":[{"href":"https:\/\/fundacionraed.org\/en\/wp-json\/wp\/v2\/media?parent=9520"}],"curies":[{"name":"wp","href":"https:\/\/api.w.org\/{rel}","templated":true}]}}