{"id":9109,"date":"2024-04-03T10:38:32","date_gmt":"2024-04-03T10:38:32","guid":{"rendered":"https:\/\/fundacionraed.org\/?post_type=dp_events&#038;p=9109"},"modified":"2024-04-03T10:38:36","modified_gmt":"2024-04-03T10:38:36","slug":"webinar-the-economy-after-the-pandemic","status":"publish","type":"dp_events","link":"https:\/\/fundacionraed.org\/en\/events\/webinar-the-economy-after-the-pandemic\/","title":{"rendered":"Webinar: The economy after the pandemic"},"content":{"rendered":"<p>[et_pb_section fb_built=&#8221;1&#8243; admin_label=&#8221;Secci\u00f3n&#8221; _builder_version=&#8221;4.16&#8243; locked=&#8221;off&#8221; global_colors_info=&#8221;{}&#8221;][et_pb_row _builder_version=&#8221;4.16&#8243; global_colors_info=&#8221;{}&#8221;][et_pb_column type=&#8221;4_4&#8243; _builder_version=&#8221;4.16&#8243; global_colors_info=&#8221;{}&#8221;][et_pb_code admin_label=&#8221;C\u00f3digo &#8211; V\u00eddeo webinar La econom\u00eda despu\u00e9s de la pandemia&#8221; _builder_version=&#8221;4.16&#8243; global_colors_info=&#8221;{}&#8221;]<iframe loading=\"lazy\" width=\"711\" height=\"400\" src=\"https:\/\/www.youtube.com\/embed\/NIURf8Mkxek\" frameborder=\"0\" allow=\"accelerometer; autoplay; encrypted-media; gyroscope; picture-in-picture\" allowfullscreen><\/iframe>[\/et_pb_code][et_pb_text admin_label=&#8221;Texto &#8211; descripci\u00f3n del debate&#8221; _builder_version=&#8221;4.16&#8243; global_colors_info=&#8221;{}&#8221;]<\/p>\n<p>En este debate en formato webinar, \u201cLa Econom\u00eda despu\u00e9s de la Pandemia\u201d, intervienen dos grandes economistas que adem\u00e1s son excelentes comunicadores, el Dr. Aldo Olcese y el Dr. Jos\u00e9 M\u00aa Gay de Li\u00e9bana, moderados por el Dr. Santiago Castell\u00e1, Profesor de la URV y Secretario de la Fundaci\u00f3n de la Real Academia Europea de Doctores.<\/p>\n<p>[\/et_pb_text][et_pb_divider color=&#8221;#0c5753&#8243; divider_weight=&#8221;2px&#8221; admin_label=&#8221;Separador&#8221; _builder_version=&#8221;4.16&#8243; locked=&#8221;off&#8221; global_colors_info=&#8221;{}&#8221;][\/et_pb_divider][\/et_pb_column][\/et_pb_row][\/et_pb_section][et_pb_section fb_built=&#8221;1&#8243; admin_label=&#8221;Jueves 14 &#8211; La econom\u00eda despu\u00e9s de la pandemia&#8221; _builder_version=&#8221;4.16&#8243; custom_padding=&#8221;0px||0px|||&#8221; locked=&#8221;off&#8221; global_colors_info=&#8221;{}&#8221;][et_pb_row _builder_version=&#8221;4.16&#8243; global_colors_info=&#8221;{}&#8221;][et_pb_column type=&#8221;4_4&#8243; _builder_version=&#8221;4.16&#8243; global_colors_info=&#8221;{}&#8221;][et_pb_text admin_label=&#8221;Texto &#8211; t\u00edtulo Participantes&#8221; _builder_version=&#8221;4.16&#8243; _module_preset=&#8221;default&#8221; global_colors_info=&#8221;{}&#8221;]<\/p>\n<h2>Participantes<\/h2>\n<p>[\/et_pb_text][et_pb_code admin_label=&#8221;C\u00f3digo &#8211; Ponentes&#8221; _builder_version=&#8221;4.16&#8243; custom_margin=&#8221;||-1px|||&#8221; custom_padding=&#8221;||0px|||&#8221; global_colors_info=&#8221;{}&#8221;]<\/p>\n<div id=\"ponentes\" style=\"margin-top: 40px; display: flex; flex-wrap: wrap; justify-content: space-evenly;\"><!-- [et_pb_line_break_holder] --><!-- [et_pb_line_break_holder] --><\/p>\n<div class=\"caja-circular\"><a href=\"https:\/\/raed.academy\/academicos\/dr-aldo-olcese-santonja\/\" target=\"_blank\" rel=\"noopener noreferrer\"><img loading=\"lazy\" decoding=\"async\" class=\"circular alignnone wp-image-751 size-full\" src=\"https:\/\/fundacionraed.org\/wp-content\/uploads\/2020\/05\/Aldo-Olcese-caja-circ.jpg\" alt=\"Aldo Olcese\" width=\"190\" height=\"190\"><\/p>\n<div class=\"txt-circular\">\n<h3>Aldo Olcese<\/h3>\n<pee>Economista. Presidente de la Fundaci\u00f3n Independiente<\/pee><\/div>\n<p><\/a><\/div>\n<p><!-- [et_pb_line_break_holder] --><!-- [et_pb_line_break_holder] --><\/p>\n<div class=\"caja-circular\"><a href=\"https:\/\/raed.academy\/academicos\/dr-jose-maria-gay-de-liebana-saludas\/\" target=\"_blank\" rel=\"noopener noreferrer\"><img loading=\"lazy\" decoding=\"async\" class=\"circular alignnone wp-image-751 size-full\" src=\"https:\/\/fundacionraed.org\/wp-content\/uploads\/2020\/05\/Jose-Maria-Gay-de-Liebana-caja-circ-BN.jpg\" alt=\"Jos\u00e9 Mar\u00eda Gay de Li\u00e9bana\" width=\"190\" height=\"190\"><\/p>\n<div class=\"txt-circular\">\n<h3>Jos\u00e9 Mar\u00eda Gay de Li\u00e9bana<\/h3>\n<pee>Economista. Profesor de la UB<\/pee><\/div>\n<p><\/a><\/div>\n<p><!-- [et_pb_line_break_holder] --><!-- [et_pb_line_break_holder] --><\/p>\n<div class=\"caja-circular\"><a href=\"https:\/\/raed.academy\/academicos\/dr-santiago-jose-castella-surribas\/\" target=\"_blank\" rel=\"noopener noreferrer\"><img loading=\"lazy\" decoding=\"async\" class=\"alignnone wp-image-763 size-full\" src=\"https:\/\/fundacionraed.org\/wp-content\/uploads\/2020\/02\/Eugenia-G\u00f3mez-Charines-caja-circ.jpg\" sizes=\"(max-width: 190px) 100vw, 190px\" srcset=\"https:\/\/fundacionraed.org\/wp-content\/uploads\/2020\/04\/Santiago-Castella.jpeg 190w, https:\/\/fundacionraed.org\/wp-content\/uploads\/2020\/04\/Santiago-Castella.jpeg 150w\" alt=\"Santiago Castell\u00e0\" width=\"190\" height=\"190\"><!-- [et_pb_line_break_holder] --><\/p>\n<div class=\"txt-circular\">\n<h3>Santiago Castell\u00e0<\/h3>\n<pee>Abogado. Senador. Profesor de la URV<\/pee><\/div>\n<p><\/a><\/div>\n<p><!-- [et_pb_line_break_holder] --><!-- [et_pb_line_break_holder] --><\/div>\n<p>[\/et_pb_code][\/et_pb_column][\/et_pb_row][\/et_pb_section][et_pb_section fb_built=&#8221;1&#8243; admin_label=&#8221;organizadores&#8221; _builder_version=&#8221;4.16&#8243; custom_padding=&#8221;0px||3px|||&#8221; locked=&#8221;off&#8221; global_colors_info=&#8221;{}&#8221;][et_pb_row column_structure=&#8221;2_5,3_5&#8243; admin_label=&#8221;Organizadores y patrocinadores&#8221; _builder_version=&#8221;4.16&#8243; custom_padding=&#8221;1px||0px|||&#8221; global_colors_info=&#8221;{}&#8221;][et_pb_column type=&#8221;2_5&#8243; _builder_version=&#8221;4.16&#8243; global_colors_info=&#8221;{}&#8221;][et_pb_code admin_label=&#8221;C\u00f3digo logos cajas flexibles&#8221; _builder_version=&#8221;4.16&#8243; custom_margin=&#8221;||-3px|||&#8221; global_colors_info=&#8221;{}&#8221;]<\/p>\n<div id=\"organizadores\"><!-- [et_pb_line_break_holder] -->  <!-- [et_pb_line_break_holder] --><\/p>\n<div class=\"logo-colaborador\" style=\"width: 120px;\"><a href=\"https:\/\/fundacionraed.org\/\" target=\"_blank\" rel=\"noopener noreferrer\"><img decoding=\"async\" class=\"alignnone wp-image-751 size-full\" src=\"https:\/\/fundacionraed.org\/wp-content\/uploads\/2020\/05\/Logo-Fundacion-RAED-255x114px.png\" alt=\"Fundaci\u00f3n RAED\"><\/p>\n<div class=\"txt\"><\/div>\n<p><\/a><\/div>\n<p><!-- [et_pb_line_break_holder] --><!-- [et_pb_line_break_holder] --><\/p>\n<div class=\"logo-colaborador\" style=\"width: 140px;\"><a href=\"https:\/\/raed.academy\/\" target=\"_blank\" rel=\"noopener noreferrer\"><img decoding=\"async\" class=\"alignnone wp-image-751 size-full\" src=\"https:\/\/fundacionraed.org\/wp-content\/uploads\/2020\/05\/logo-raed-255-164px.png\" alt=\"Real Academia Europea de Doctores RAED\"><\/p>\n<div class=\"txt\"><\/div>\n<p><\/a><\/div>\n<p><!-- [et_pb_line_break_holder] --><\/div>\n<p><!-- [et_pb_line_break_holder] -->[\/et_pb_code][\/et_pb_column][et_pb_column type=&#8221;3_5&#8243; _builder_version=&#8221;4.16&#8243; global_colors_info=&#8221;{}&#8221;][et_pb_code admin_label=&#8221;C\u00f3digo &#8211; con la colaboraci\u00f3n de:&#8221; _builder_version=&#8221;4.16&#8243; custom_padding=&#8221;||0px|||&#8221; global_colors_info=&#8221;{}&#8221;]<pee class=\"portada\">Con la colaboraci\u00f3n de:<\/pee><!-- [et_pb_line_break_holder] --><\/p>\n<div id=\"colaboradores\"><!-- [et_pb_line_break_holder] --><!-- [et_pb_line_break_holder] --><\/p>\n<div class=\"logo-colaborador\" style=\"width:130px;\"><!-- [et_pb_line_break_holder] --><\/p>\n<div class=\"txt-circular\"><\/div>\n<p><!-- [et_pb_line_break_holder] -->  <a href=\"https:\/\/obrasociallacaixa.org\/es\/\" target=\"_blank\" rel=\"noopener noreferrer\"><img decoding=\"async\" src=\"https:\/\/fundacionraed.org\/wp-content\/uploads\/2020\/05\/obra-social-la-caixa-210px.jpg\" alt=\"Obra Social La Caixa\"><\/a><\/div>\n<p><!-- [et_pb_line_break_holder] -->  <!-- [et_pb_line_break_holder] --><\/p>\n<div class=\"logo-colaborador\" style=\"width:150px;\"><!-- [et_pb_line_break_holder] --><\/p>\n<div class=\"txt-circular\"><\/div>\n<p><!-- [et_pb_line_break_holder] -->  <a href=\"http:\/\/justicia.gencat.cat\/ca\/inici\" target=\"_blank\" rel=\"noopener noreferrer\"><img decoding=\"async\" src=\"https:\/\/fundacionraed.org\/wp-content\/uploads\/2020\/05\/logo-Generalitat-de-Catalunya-dept-Justicia-250px.jpg\" alt=\"Generalitat de catalunya\"><\/a><\/div>\n<p><!-- [et_pb_line_break_holder] -->  <!-- [et_pb_line_break_holder] --><\/p>\n<div class=\"logo-colaborador\" style=\"text-align: center; width:65px;\"><!-- [et_pb_line_break_holder] --><\/p>\n<div class=\"txt-circular\"> <\/div>\n<p><!-- [et_pb_line_break_holder] -->  <a href=\"https:\/\/www.myplanetfirst.com\/\" target=\"_blank\" rel=\"noopener noreferrer\"><img decoding=\"async\" src=\"https:\/\/fundacionraed.org\/wp-content\/uploads\/2020\/02\/my-planet-first.png\" alt=\"My Planet First\"><\/a><\/div>\n<p><!-- [et_pb_line_break_holder] --><!-- [et_pb_line_break_holder] --><!-- [et_pb_line_break_holder] --><\/div>\n<p>[\/et_pb_code][\/et_pb_column][\/et_pb_row][\/et_pb_section]<\/p>\n<span class=\"et_bloom_bottom_trigger\"><\/span>","protected":false},"excerpt":{"rendered":"<p>En este debate en formato webinar, \u201cLa Econom\u00eda despu\u00e9s de la Pandemia\u201d, intervienen dos grandes economistas que adem\u00e1s son excelentes comunicadores, el Dr. Aldo Olcese y el Dr. Jos\u00e9 M\u00aa Gay de Li\u00e9bana, moderados por el Dr. Santiago Castell\u00e1, Profesor de la URV y Secretario de la Fundaci\u00f3n de la Real Academia Europea de Doctores.Participantes<\/p>\n","protected":false},"featured_media":5418,"template":"","meta":{"_et_pb_use_builder":"on","_et_pb_old_content":"","_et_gb_content_width":""},"class_list":["post-9109","dp_events","type-dp_events","status-publish","has-post-thumbnail","hentry"],"yoast_head":"<!-- This site is optimized with the Yoast SEO plugin v27.5 - https:\/\/yoast.com\/product\/yoast-seo-wordpress\/ -->\n<title>Webinar: The economy after the pandemic &#183; RAED Foundation<\/title>\n<meta name=\"robots\" content=\"index, follow, max-snippet:-1, max-image-preview:large, max-video-preview:-1\" \/>\n<link rel=\"canonical\" href=\"https:\/\/fundacionraed.org\/en\/eventos\/webinar-the-economy-after-the-pandemic\/\" \/>\n<meta property=\"og:locale\" content=\"en_US\" \/>\n<meta property=\"og:type\" content=\"article\" \/>\n<meta property=\"og:title\" content=\"Webinar: The economy after the pandemic &#183; RAED Foundation\" \/>\n<meta property=\"og:description\" content=\"En este debate en formato webinar, \u201cLa Econom\u00eda despu\u00e9s de la Pandemia\u201d, intervienen dos grandes economistas que adem\u00e1s son excelentes comunicadores, el Dr. Aldo Olcese y el Dr. Jos\u00e9 M\u00aa Gay de Li\u00e9bana, moderados por el Dr. Santiago Castell\u00e1, Profesor de la URV y Secretario de la Fundaci\u00f3n de la Real Academia Europea de Doctores.Participantes\" \/>\n<meta property=\"og:url\" content=\"https:\/\/fundacionraed.org\/en\/eventos\/webinar-the-economy-after-the-pandemic\/\" \/>\n<meta property=\"og:site_name\" content=\"RAED Foundation\" \/>\n<meta property=\"article:publisher\" content=\"https:\/\/www.facebook.com\/raed.academy\" \/>\n<meta property=\"article:modified_time\" content=\"2024-04-03T10:38:36+00:00\" \/>\n<meta property=\"og:image\" content=\"https:\/\/fundacionraed.org\/wp-content\/uploads\/2020\/05\/shutterstock_Impacto-del-coronavirus-en-la-economia-global-PBI-dst.jpg\" \/>\n\t<meta property=\"og:image:width\" content=\"500\" \/>\n\t<meta property=\"og:image:height\" content=\"300\" \/>\n\t<meta property=\"og:image:type\" content=\"image\/jpeg\" \/>\n<meta name=\"twitter:card\" content=\"summary_large_image\" \/>\n<meta name=\"twitter:site\" content=\"@FundacionRaed\" \/>\n<meta name=\"twitter:label1\" content=\"Est. reading time\" \/>\n\t<meta name=\"twitter:data1\" content=\"3 minutes\" \/>\n<script type=\"application\/ld+json\" class=\"yoast-schema-graph\">{\"@context\":\"https:\\\/\\\/schema.org\",\"@graph\":[{\"@type\":\"WebPage\",\"@id\":\"https:\\\/\\\/fundacionraed.org\\\/en\\\/eventos\\\/webinar-the-economy-after-the-pandemic\\\/\",\"url\":\"https:\\\/\\\/fundacionraed.org\\\/en\\\/eventos\\\/webinar-the-economy-after-the-pandemic\\\/\",\"name\":\"Webinar: The economy after the pandemic &#183; RAED Foundation\",\"isPartOf\":{\"@id\":\"https:\\\/\\\/fundacionraed.org\\\/#website\"},\"primaryImageOfPage\":{\"@id\":\"https:\\\/\\\/fundacionraed.org\\\/en\\\/eventos\\\/webinar-the-economy-after-the-pandemic\\\/#primaryimage\"},\"image\":{\"@id\":\"https:\\\/\\\/fundacionraed.org\\\/en\\\/eventos\\\/webinar-the-economy-after-the-pandemic\\\/#primaryimage\"},\"thumbnailUrl\":\"https:\\\/\\\/fundacionraed.org\\\/wp-content\\\/uploads\\\/2020\\\/05\\\/shutterstock_Impacto-del-coronavirus-en-la-economia-global-PBI-dst.jpg\",\"datePublished\":\"2024-04-03T10:38:32+00:00\",\"dateModified\":\"2024-04-03T10:38:36+00:00\",\"breadcrumb\":{\"@id\":\"https:\\\/\\\/fundacionraed.org\\\/en\\\/eventos\\\/webinar-the-economy-after-the-pandemic\\\/#breadcrumb\"},\"inLanguage\":\"en-US\",\"potentialAction\":[{\"@type\":\"ReadAction\",\"target\":[\"https:\\\/\\\/fundacionraed.org\\\/en\\\/eventos\\\/webinar-the-economy-after-the-pandemic\\\/\"]}]},{\"@type\":\"ImageObject\",\"inLanguage\":\"en-US\",\"@id\":\"https:\\\/\\\/fundacionraed.org\\\/en\\\/eventos\\\/webinar-the-economy-after-the-pandemic\\\/#primaryimage\",\"url\":\"https:\\\/\\\/fundacionraed.org\\\/wp-content\\\/uploads\\\/2020\\\/05\\\/shutterstock_Impacto-del-coronavirus-en-la-economia-global-PBI-dst.jpg\",\"contentUrl\":\"https:\\\/\\\/fundacionraed.org\\\/wp-content\\\/uploads\\\/2020\\\/05\\\/shutterstock_Impacto-del-coronavirus-en-la-economia-global-PBI-dst.jpg\",\"width\":500,\"height\":300,\"caption\":\"Impacto-del-coronavirus-en-la-econom\u00eda\"},{\"@type\":\"BreadcrumbList\",\"@id\":\"https:\\\/\\\/fundacionraed.org\\\/en\\\/eventos\\\/webinar-the-economy-after-the-pandemic\\\/#breadcrumb\",\"itemListElement\":[{\"@type\":\"ListItem\",\"position\":1,\"name\":\"Home\",\"item\":\"https:\\\/\\\/fundacionraed.org\\\/en\\\/nueva-portada\\\/\"},{\"@type\":\"ListItem\",\"position\":2,\"name\":\"Events\",\"item\":\"https:\\\/\\\/fundacionraed.org\\\/eventos\\\/\"},{\"@type\":\"ListItem\",\"position\":3,\"name\":\"Webinar: The economy after the pandemic\"}]},{\"@type\":\"WebSite\",\"@id\":\"https:\\\/\\\/fundacionraed.org\\\/#website\",\"url\":\"https:\\\/\\\/fundacionraed.org\\\/\",\"name\":\"RAED Foundation\",\"description\":\"Fundaci\u00f3n Pro Real Academia Europea de Doctores. Barcelona 1914\",\"publisher\":{\"@id\":\"https:\\\/\\\/fundacionraed.org\\\/#organization\"},\"potentialAction\":[{\"@type\":\"SearchAction\",\"target\":{\"@type\":\"EntryPoint\",\"urlTemplate\":\"https:\\\/\\\/fundacionraed.org\\\/?s={search_term_string}\"},\"query-input\":{\"@type\":\"PropertyValueSpecification\",\"valueRequired\":true,\"valueName\":\"search_term_string\"}}],\"inLanguage\":\"en-US\"},{\"@type\":\"Organization\",\"@id\":\"https:\\\/\\\/fundacionraed.org\\\/#organization\",\"name\":\"Fundaci\u00f3n Pro RAED\",\"url\":\"https:\\\/\\\/fundacionraed.org\\\/\",\"logo\":{\"@type\":\"ImageObject\",\"inLanguage\":\"en-US\",\"@id\":\"https:\\\/\\\/fundacionraed.org\\\/#\\\/schema\\\/logo\\\/image\\\/\",\"url\":\"https:\\\/\\\/fundacionraed.org\\\/wp-content\\\/uploads\\\/2020\\\/04\\\/Logo-Fundacion-RAED-600px.jpg\",\"contentUrl\":\"https:\\\/\\\/fundacionraed.org\\\/wp-content\\\/uploads\\\/2020\\\/04\\\/Logo-Fundacion-RAED-600px.jpg\",\"width\":600,\"height\":268,\"caption\":\"Fundaci\u00f3n Pro RAED\"},\"image\":{\"@id\":\"https:\\\/\\\/fundacionraed.org\\\/#\\\/schema\\\/logo\\\/image\\\/\"},\"sameAs\":[\"https:\\\/\\\/www.facebook.com\\\/raed.academy\",\"https:\\\/\\\/x.com\\\/FundacionRaed\",\"https:\\\/\\\/www.linkedin.com\\\/company\\\/fundacion-raed\\\/\",\"https:\\\/\\\/www.youtube.com\\\/channel\\\/UCiNjYaLeBkGeQ3xy2eHJ10w\\\/\"]}]}<\/script>\n<!-- \/ Yoast SEO plugin. -->","yoast_head_json":{"title":"Webinar: The economy after the pandemic &#183; RAED Foundation","robots":{"index":"index","follow":"follow","max-snippet":"max-snippet:-1","max-image-preview":"max-image-preview:large","max-video-preview":"max-video-preview:-1"},"canonical":"https:\/\/fundacionraed.org\/en\/eventos\/webinar-the-economy-after-the-pandemic\/","og_locale":"en_US","og_type":"article","og_title":"Webinar: The economy after the pandemic &#183; RAED Foundation","og_description":"En este debate en formato webinar, \u201cLa Econom\u00eda despu\u00e9s de la Pandemia\u201d, intervienen dos grandes economistas que adem\u00e1s son excelentes comunicadores, el Dr. Aldo Olcese y el Dr. Jos\u00e9 M\u00aa Gay de Li\u00e9bana, moderados por el Dr. Santiago Castell\u00e1, Profesor de la URV y Secretario de la Fundaci\u00f3n de la Real Academia Europea de Doctores.Participantes","og_url":"https:\/\/fundacionraed.org\/en\/eventos\/webinar-the-economy-after-the-pandemic\/","og_site_name":"RAED Foundation","article_publisher":"https:\/\/www.facebook.com\/raed.academy","article_modified_time":"2024-04-03T10:38:36+00:00","og_image":[{"width":500,"height":300,"url":"https:\/\/fundacionraed.org\/wp-content\/uploads\/2020\/05\/shutterstock_Impacto-del-coronavirus-en-la-economia-global-PBI-dst.jpg","type":"image\/jpeg"}],"twitter_card":"summary_large_image","twitter_site":"@FundacionRaed","twitter_misc":{"Est. reading time":"3 minutes"},"schema":{"@context":"https:\/\/schema.org","@graph":[{"@type":"WebPage","@id":"https:\/\/fundacionraed.org\/en\/eventos\/webinar-the-economy-after-the-pandemic\/","url":"https:\/\/fundacionraed.org\/en\/eventos\/webinar-the-economy-after-the-pandemic\/","name":"Webinar: The economy after the pandemic &#183; RAED Foundation","isPartOf":{"@id":"https:\/\/fundacionraed.org\/#website"},"primaryImageOfPage":{"@id":"https:\/\/fundacionraed.org\/en\/eventos\/webinar-the-economy-after-the-pandemic\/#primaryimage"},"image":{"@id":"https:\/\/fundacionraed.org\/en\/eventos\/webinar-the-economy-after-the-pandemic\/#primaryimage"},"thumbnailUrl":"https:\/\/fundacionraed.org\/wp-content\/uploads\/2020\/05\/shutterstock_Impacto-del-coronavirus-en-la-economia-global-PBI-dst.jpg","datePublished":"2024-04-03T10:38:32+00:00","dateModified":"2024-04-03T10:38:36+00:00","breadcrumb":{"@id":"https:\/\/fundacionraed.org\/en\/eventos\/webinar-the-economy-after-the-pandemic\/#breadcrumb"},"inLanguage":"en-US","potentialAction":[{"@type":"ReadAction","target":["https:\/\/fundacionraed.org\/en\/eventos\/webinar-the-economy-after-the-pandemic\/"]}]},{"@type":"ImageObject","inLanguage":"en-US","@id":"https:\/\/fundacionraed.org\/en\/eventos\/webinar-the-economy-after-the-pandemic\/#primaryimage","url":"https:\/\/fundacionraed.org\/wp-content\/uploads\/2020\/05\/shutterstock_Impacto-del-coronavirus-en-la-economia-global-PBI-dst.jpg","contentUrl":"https:\/\/fundacionraed.org\/wp-content\/uploads\/2020\/05\/shutterstock_Impacto-del-coronavirus-en-la-economia-global-PBI-dst.jpg","width":500,"height":300,"caption":"Impacto-del-coronavirus-en-la-econom\u00eda"},{"@type":"BreadcrumbList","@id":"https:\/\/fundacionraed.org\/en\/eventos\/webinar-the-economy-after-the-pandemic\/#breadcrumb","itemListElement":[{"@type":"ListItem","position":1,"name":"Home","item":"https:\/\/fundacionraed.org\/en\/nueva-portada\/"},{"@type":"ListItem","position":2,"name":"Events","item":"https:\/\/fundacionraed.org\/eventos\/"},{"@type":"ListItem","position":3,"name":"Webinar: The economy after the pandemic"}]},{"@type":"WebSite","@id":"https:\/\/fundacionraed.org\/#website","url":"https:\/\/fundacionraed.org\/","name":"RAED Foundation","description":"Fundaci\u00f3n Pro Real Academia Europea de Doctores. Barcelona 1914","publisher":{"@id":"https:\/\/fundacionraed.org\/#organization"},"potentialAction":[{"@type":"SearchAction","target":{"@type":"EntryPoint","urlTemplate":"https:\/\/fundacionraed.org\/?s={search_term_string}"},"query-input":{"@type":"PropertyValueSpecification","valueRequired":true,"valueName":"search_term_string"}}],"inLanguage":"en-US"},{"@type":"Organization","@id":"https:\/\/fundacionraed.org\/#organization","name":"Fundaci\u00f3n Pro RAED","url":"https:\/\/fundacionraed.org\/","logo":{"@type":"ImageObject","inLanguage":"en-US","@id":"https:\/\/fundacionraed.org\/#\/schema\/logo\/image\/","url":"https:\/\/fundacionraed.org\/wp-content\/uploads\/2020\/04\/Logo-Fundacion-RAED-600px.jpg","contentUrl":"https:\/\/fundacionraed.org\/wp-content\/uploads\/2020\/04\/Logo-Fundacion-RAED-600px.jpg","width":600,"height":268,"caption":"Fundaci\u00f3n Pro RAED"},"image":{"@id":"https:\/\/fundacionraed.org\/#\/schema\/logo\/image\/"},"sameAs":["https:\/\/www.facebook.com\/raed.academy","https:\/\/x.com\/FundacionRaed","https:\/\/www.linkedin.com\/company\/fundacion-raed\/","https:\/\/www.youtube.com\/channel\/UCiNjYaLeBkGeQ3xy2eHJ10w\/"]}]}},"_links":{"self":[{"href":"https:\/\/fundacionraed.org\/en\/wp-json\/wp\/v2\/dp_events\/9109","targetHints":{"allow":["GET"]}}],"collection":[{"href":"https:\/\/fundacionraed.org\/en\/wp-json\/wp\/v2\/dp_events"}],"about":[{"href":"https:\/\/fundacionraed.org\/en\/wp-json\/wp\/v2\/types\/dp_events"}],"wp:featuredmedia":[{"embeddable":true,"href":"https:\/\/fundacionraed.org\/en\/wp-json\/wp\/v2\/media\/5418"}],"wp:attachment":[{"href":"https:\/\/fundacionraed.org\/en\/wp-json\/wp\/v2\/media?parent=9109"}],"curies":[{"name":"wp","href":"https:\/\/api.w.org\/{rel}","templated":true}]}}